{"id":1541,"date":"2021-09-29T15:27:02","date_gmt":"2021-09-29T15:27:02","guid":{"rendered":"https:\/\/escdlv.chabotesting.link\/?page_id=1541"},"modified":"2026-08-27T13:37:22","modified_gmt":"2026-08-27T13:37:22","slug":"code-de-conduite","status":"publish","type":"page","link":"https:\/\/escdlv.csdcab.ca\/en\/notre-ecole\/code-de-conduite\/","title":{"rendered":"Code of Conduct"},"content":{"rendered":"\t\t<div data-elementor-type=\"wp-page\" data-elementor-id=\"1541\" class=\"elementor elementor-1541\" data-elementor-post-type=\"page\">\n\t\t\t\t\t\t<section class=\"elementor-section elementor-top-section elementor-element elementor-element-bdb5a3d elementor-section-boxed elementor-section-height-default elementor-section-height-default\" data-id=\"bdb5a3d\" data-element_type=\"section\" data-e-type=\"section\" data-settings=\"{&quot;jet_parallax_layout_list&quot;:[{&quot;jet_parallax_layout_image&quot;:{&quot;url&quot;:&quot;&quot;,&quot;id&quot;:&quot;&quot;,&quot;size&quot;:&quot;&quot;},&quot;_id&quot;:&quot;e8d36c1&quot;,&quot;jet_parallax_layout_image_tablet&quot;:{&quot;url&quot;:&quot;&quot;,&quot;id&quot;:&quot;&quot;,&quot;size&quot;:&quot;&quot;},&quot;jet_parallax_layout_image_mobile&quot;:{&quot;url&quot;:&quot;&quot;,&quot;id&quot;:&quot;&quot;,&quot;size&quot;:&quot;&quot;},&quot;jet_parallax_layout_speed&quot;:{&quot;unit&quot;:&quot;%&quot;,&quot;size&quot;:50,&quot;sizes&quot;:[]},&quot;jet_parallax_layout_type&quot;:&quot;scroll&quot;,&quot;jet_parallax_layout_direction&quot;:&quot;1&quot;,&quot;jet_parallax_layout_fx_direction&quot;:null,&quot;jet_parallax_layout_z_index&quot;:&quot;&quot;,&quot;jet_parallax_layout_bg_x&quot;:50,&quot;jet_parallax_layout_bg_x_tablet&quot;:&quot;&quot;,&quot;jet_parallax_layout_bg_x_mobile&quot;:&quot;&quot;,&quot;jet_parallax_layout_bg_y&quot;:50,&quot;jet_parallax_layout_bg_y_tablet&quot;:&quot;&quot;,&quot;jet_parallax_layout_bg_y_mobile&quot;:&quot;&quot;,&quot;jet_parallax_layout_bg_size&quot;:&quot;auto&quot;,&quot;jet_parallax_layout_bg_size_tablet&quot;:&quot;&quot;,&quot;jet_parallax_layout_bg_size_mobile&quot;:&quot;&quot;,&quot;jet_parallax_layout_animation_prop&quot;:&quot;transform&quot;,&quot;jet_parallax_layout_on&quot;:[&quot;desktop&quot;,&quot;tablet&quot;]}]}\">\n\t\t\t\t\t\t<div class=\"elementor-container elementor-column-gap-default\">\n\t\t\t\t\t<div class=\"elementor-column elementor-col-100 elementor-top-column elementor-element elementor-element-35cb0cc\" data-id=\"35cb0cc\" data-element_type=\"column\" data-e-type=\"column\">\n\t\t\t<div class=\"elementor-widget-wrap elementor-element-populated\">\n\t\t\t\t\t\t<div class=\"elementor-element elementor-element-b710d6d elementor-widget elementor-widget-text-editor\" data-id=\"b710d6d\" data-element_type=\"widget\" data-e-type=\"widget\" data-widget_type=\"text-editor.default\">\n\t\t\t\t<div class=\"elementor-widget-container\">\n\t\t\t\t\t\t\t\t\t<p>Pour assurer la r\u00e9ussite des \u00e9l\u00e8ves, un climat positif \u00e0 l\u2019\u00e9cole et un milieu d\u2019apprentissage et d\u2019enseignement s\u00e9curitaire sont des conditions essentielles. Dans une \u00e9cole o\u00f9 le climat est positif, tout le monde se sent le bienvenu et respect\u00e9.<\/p><p>Les \u00e9l\u00e8ves, les parents, les enseignants et les membres du personnel ont tous le droit d\u2019\u00eatre et de se sentir en s\u00e9curit\u00e9 dans leur communaut\u00e9 scolaire. Ce droit s\u2019accompagne de la responsabilit\u00e9 de devoir rendre compte de ses actions et de contribuer au maintien d\u2019un climat scolaire positif.<\/p><p>Tous les r\u00e8glements du Code sont en vigueur en tout temps \u00e0 l&rsquo;\u00e9cole, dans l&rsquo;autobus scolaire, lors des sorties \u00e9ducatives et des activit\u00e9s parascolaires.<\/p>\t\t\t\t\t\t\t\t<\/div>\n\t\t\t\t<\/div>\n\t\t\t\t\t<\/div>\n\t\t<\/div>\n\t\t\t\t\t<\/div>\n\t\t<\/section>\n\t\t\t\t<section class=\"elementor-section elementor-top-section elementor-element elementor-element-e4e62e6 elementor-section-boxed elementor-section-height-default elementor-section-height-default\" data-id=\"e4e62e6\" data-element_type=\"section\" data-e-type=\"section\" data-settings=\"{&quot;jet_parallax_layout_list&quot;:[],&quot;background_background&quot;:&quot;classic&quot;}\">\n\t\t\t\t\t\t<div class=\"elementor-container elementor-column-gap-default\">\n\t\t\t\t\t<div class=\"elementor-column elementor-col-100 elementor-top-column elementor-element elementor-element-a5c317c\" data-id=\"a5c317c\" data-element_type=\"column\" data-e-type=\"column\">\n\t\t\t<div class=\"elementor-widget-wrap elementor-element-populated\">\n\t\t\t\t\t\t<div class=\"elementor-element elementor-element-fdff563 elementor-widget elementor-widget-heading\" data-id=\"fdff563\" data-element_type=\"widget\" data-e-type=\"widget\" data-widget_type=\"heading.default\">\n\t\t\t\t<div class=\"elementor-widget-container\">\n\t\t\t\t\t<h2 class=\"elementor-heading-title elementor-size-default\">Code vestimentaire<\/h2>\t\t\t\t<\/div>\n\t\t\t\t<\/div>\n\t\t\t\t<div class=\"elementor-element elementor-element-66fa8af elementor-widget elementor-widget-text-editor\" data-id=\"66fa8af\" data-element_type=\"widget\" data-e-type=\"widget\" data-widget_type=\"text-editor.default\">\n\t\t\t\t<div class=\"elementor-widget-container\">\n\t\t\t\t\t\t\t\t\t<p class=\"_04xlpA direction-ltr align-justify para-style-body\"><span class=\"JsGRdQ\">Dans le contexte d\u2019\u00e9quit\u00e9 et d\u2019inclusion, le code vestimentaire s\u2019aligne avec nos valeurs d\u2019\u00e9cole :<\/span><\/p><ul><li><strong><span class=\"JsGRdQ\">COURAGE<\/span><\/strong><span class=\"JsGRdQ\"> (la libert\u00e9 d\u2019expression de soi)<\/span><\/li><li><strong><span class=\"JsGRdQ\">RESPECT<\/span><\/strong><span class=\"JsGRdQ\"> (l\u2019inclusion et le respect)<\/span><\/li><li><strong><span class=\"JsGRdQ\">HONN\u00caTET\u00c9<\/span><\/strong><span class=\"JsGRdQ\"> (la responsabilit\u00e9 de chacun).<\/span><\/li><\/ul><p class=\"_04xlpA direction-ltr align-justify para-style-body\"><span class=\"JsGRdQ\">La responsabilit\u00e9 premi\u00e8re de la tenue vestimentaire d&rsquo;un \u00e9l\u00e8ve appartient \u00e0 l&rsquo;\u00e9l\u00e8ve et \u00e0 son\/ses parent(s), tuteur(s) ou gardien(s). L&rsquo;\u00e9cole est responsable de cr\u00e9er une atmosph\u00e8re propice \u00e0 l&rsquo;apprentissage et de veiller \u00e0 ce que la tenue vestimentaire de l&rsquo;\u00e9l\u00e8ve ne nuise pas \u00e0 la sant\u00e9 ou \u00e0 la s\u00e9curit\u00e9 de l&rsquo;\u00e9l\u00e8ve ni ne contribue \u00e0 cr\u00e9er une atmosph\u00e8re irrespectueuse ou hostile pour tout membre de la communaut\u00e9 scolaire. Le code vestimentaire est un outil qui doit favoriser l\u2019\u00e9panouissement, l\u2019estime de soi, le bien-\u00eatre et la construction identitaire de nos \u00e9l\u00e8ves. C\u2019est pour cela qu\u2019il est important de permettre aux \u00e9l\u00e8ves de porter les v\u00eatements de leur choix qui peuvent refl\u00e9ter \u00e0 la fois leur style personnel, le genre auquel ils s\u2019identifient, leur confession religieuse sans crainte de discrimination.<\/span><\/p><p class=\"_04xlpA direction-ltr align-justify para-style-body\"><em><span class=\"JsGRdQ\">*\u00c0 noter que les exigences en mati\u00e8re de sant\u00e9 et de s\u00e9curit\u00e9 d\u2019une activit\u00e9 ou d\u2019un cours peuvent n\u00e9cessiter le port d\u2019un v\u00eatement sp\u00e9cifique. Dans ce cas, ces exigences l\u2019emportent sur le code vestimentaire des \u00e9l\u00e8ves.<\/span><\/em><\/p><p class=\"_04xlpA direction-ltr align-justify para-style-body\"><span class=\"JsGRdQ\">La tenue vestimentaire des \u00e9tudiants doit r\u00e9pondre aux normes suivantes :<\/span><em><span class=\"JsGRdQ\"><br \/><\/span><\/em><\/p>\t\t\t\t\t\t\t\t<\/div>\n\t\t\t\t<\/div>\n\t\t\t\t<div class=\"elementor-element elementor-element-544f86f elementor-widget elementor-widget-toggle\" data-id=\"544f86f\" data-element_type=\"widget\" data-e-type=\"widget\" data-widget_type=\"toggle.default\">\n\t\t\t\t<div class=\"elementor-widget-container\">\n\t\t\t\t\t\t\t<div class=\"elementor-toggle\">\n\t\t\t\t\t\t\t<div class=\"elementor-toggle-item\">\n\t\t\t\t\t<div id=\"elementor-tab-title-8841\" class=\"elementor-tab-title\" data-tab=\"1\" role=\"button\" aria-controls=\"elementor-tab-content-8841\" aria-expanded=\"false\">\n\t\t\t\t\t\t\t\t\t\t\t\t<span class=\"elementor-toggle-icon elementor-toggle-icon-left\" aria-hidden=\"true\">\n\t\t\t\t\t\t\t\t\t\t\t\t\t\t\t<span class=\"elementor-toggle-icon-closed\"><i class=\"fas fa-caret-right\"><\/i><\/span>\n\t\t\t\t\t\t\t\t<span class=\"elementor-toggle-icon-opened\"><i class=\"elementor-toggle-icon-opened fas fa-caret-up\"><\/i><\/span>\n\t\t\t\t\t\t\t\t\t\t\t\t\t<\/span>\n\t\t\t\t\t\t\t\t\t\t\t\t<a class=\"elementor-toggle-title\" tabindex=\"0\">La t\u00eate<\/a>\n\t\t\t\t\t<\/div>\n\n\t\t\t\t\t<div id=\"elementor-tab-content-8841\" class=\"elementor-tab-content elementor-clearfix\" data-tab=\"1\" role=\"region\" aria-labelledby=\"elementor-tab-title-8841\"><p class=\"_04xlpA direction-ltr align-justify para-style-body\"><span class=\"JsGRdQ\">Le port du chapeau, couvre-chef et pull \u00e0 capuche est autoris\u00e9 dans l\u2019\u00e9tablissement \u00e0 condition que les membres du personnel aient la capacit\u00e9 de voir le visage et les oreilles des \u00e9l\u00e8ves et ne pas g\u00eaner le champ de vision d\u2019un autre \u00e9l\u00e8ve (raison de s\u00e9curit\u00e9). Les couvre-chefs religieux sont admis en tout temps (m\u00eame en salle de classe).<\/span><\/p><p class=\"_04xlpA direction-ltr align-justify para-style-body\"><em><span class=\"JsGRdQ\">*\u00c0 noter que lors de l\u2019hymne national, la pri\u00e8re, la reconnaissance du territoire et toute autre c\u00e9r\u00e9monie qui le requiert, le chapeau doit \u00eatre enlev\u00e9.<\/span><\/em><\/p><\/div>\n\t\t\t\t<\/div>\n\t\t\t\t\t\t\t<div class=\"elementor-toggle-item\">\n\t\t\t\t\t<div id=\"elementor-tab-title-8842\" class=\"elementor-tab-title\" data-tab=\"2\" role=\"button\" aria-controls=\"elementor-tab-content-8842\" aria-expanded=\"false\">\n\t\t\t\t\t\t\t\t\t\t\t\t<span class=\"elementor-toggle-icon elementor-toggle-icon-left\" aria-hidden=\"true\">\n\t\t\t\t\t\t\t\t\t\t\t\t\t\t\t<span class=\"elementor-toggle-icon-closed\"><i class=\"fas fa-caret-right\"><\/i><\/span>\n\t\t\t\t\t\t\t\t<span class=\"elementor-toggle-icon-opened\"><i class=\"elementor-toggle-icon-opened fas fa-caret-up\"><\/i><\/span>\n\t\t\t\t\t\t\t\t\t\t\t\t\t<\/span>\n\t\t\t\t\t\t\t\t\t\t\t\t<a class=\"elementor-toggle-title\" tabindex=\"0\">Un haut<\/a>\n\t\t\t\t\t<\/div>\n\n\t\t\t\t\t<div id=\"elementor-tab-content-8842\" class=\"elementor-tab-content elementor-clearfix\" data-tab=\"2\" role=\"region\" aria-labelledby=\"elementor-tab-title-8842\"><p><span class=\"JsGRdQ\">Le haut du corps doit \u00eatre un v\u00eatement qui couvre les seins, la poitrine, les pectoraux et les sous-v\u00eatements par un tissu opaque en tout temps.<\/span><\/p><\/div>\n\t\t\t\t<\/div>\n\t\t\t\t\t\t\t<div class=\"elementor-toggle-item\">\n\t\t\t\t\t<div id=\"elementor-tab-title-8843\" class=\"elementor-tab-title\" data-tab=\"3\" role=\"button\" aria-controls=\"elementor-tab-content-8843\" aria-expanded=\"false\">\n\t\t\t\t\t\t\t\t\t\t\t\t<span class=\"elementor-toggle-icon elementor-toggle-icon-left\" aria-hidden=\"true\">\n\t\t\t\t\t\t\t\t\t\t\t\t\t\t\t<span class=\"elementor-toggle-icon-closed\"><i class=\"fas fa-caret-right\"><\/i><\/span>\n\t\t\t\t\t\t\t\t<span class=\"elementor-toggle-icon-opened\"><i class=\"elementor-toggle-icon-opened fas fa-caret-up\"><\/i><\/span>\n\t\t\t\t\t\t\t\t\t\t\t\t\t<\/span>\n\t\t\t\t\t\t\t\t\t\t\t\t<a class=\"elementor-toggle-title\" tabindex=\"0\">Un bas<\/a>\n\t\t\t\t\t<\/div>\n\n\t\t\t\t\t<div id=\"elementor-tab-content-8843\" class=\"elementor-tab-content elementor-clearfix\" data-tab=\"3\" role=\"region\" aria-labelledby=\"elementor-tab-title-8843\"><p>Le v\u00eatement du bas doit couvrir les organes g\u00e9nitaux, les fesses ainsi que les sous-v\u00eatements avec un tissu opaque en tout temps.<\/p><p><em>*<\/em><span dir=\"ltr\"><i>\u00c0 noter que le port du pyjama est uniquement permis \u00e0 l&rsquo;occasion des journ\u00e9es pyjamas convenues par l&rsquo;\u00e9cole.<\/i><\/span><\/p><\/div>\n\t\t\t\t<\/div>\n\t\t\t\t\t\t\t<div class=\"elementor-toggle-item\">\n\t\t\t\t\t<div id=\"elementor-tab-title-8844\" class=\"elementor-tab-title\" data-tab=\"4\" role=\"button\" aria-controls=\"elementor-tab-content-8844\" aria-expanded=\"false\">\n\t\t\t\t\t\t\t\t\t\t\t\t<span class=\"elementor-toggle-icon elementor-toggle-icon-left\" aria-hidden=\"true\">\n\t\t\t\t\t\t\t\t\t\t\t\t\t\t\t<span class=\"elementor-toggle-icon-closed\"><i class=\"fas fa-caret-right\"><\/i><\/span>\n\t\t\t\t\t\t\t\t<span class=\"elementor-toggle-icon-opened\"><i class=\"elementor-toggle-icon-opened fas fa-caret-up\"><\/i><\/span>\n\t\t\t\t\t\t\t\t\t\t\t\t\t<\/span>\n\t\t\t\t\t\t\t\t\t\t\t\t<a class=\"elementor-toggle-title\" tabindex=\"0\">Les chaussures<\/a>\n\t\t\t\t\t<\/div>\n\n\t\t\t\t\t<div id=\"elementor-tab-content-8844\" class=\"elementor-tab-content elementor-clearfix\" data-tab=\"4\" role=\"region\" aria-labelledby=\"elementor-tab-title-8844\"><p class=\"_04xlpA direction-ltr align-justify para-style-body\"><span class=\"JsGRdQ\">En fonction du cours et d\u2019autres activit\u00e9s \u00e9tudiantes, des chaussures sp\u00e9cifiques sont exig\u00e9es (par exemple, pour l\u2019\u00e9ducation physique, les sports, la menuiserie, la cuisine, l\u2019artisanat, etc.).<\/span><\/p><p class=\"_04xlpA direction-ltr align-justify para-style-body\"><em><span class=\"JsGRdQ\">*\u00c0 noter que les pantoufles sont interdites pour des raisons de sant\u00e9 et s\u00e9curit\u00e9.<\/span><\/em><\/p><\/div>\n\t\t\t\t<\/div>\n\t\t\t\t\t\t\t\t<\/div>\n\t\t\t\t\t\t<\/div>\n\t\t\t\t<\/div>\n\t\t\t\t<div class=\"elementor-element elementor-element-7e7efb6 elementor-widget elementor-widget-text-editor\" data-id=\"7e7efb6\" data-element_type=\"widget\" data-e-type=\"widget\" data-widget_type=\"text-editor.default\">\n\t\t\t\t<div class=\"elementor-widget-container\">\n\t\t\t\t\t\t\t\t\t<p class=\"_04xlpA direction-ltr align-justify para-style-body\"><span class=\"JsGRdQ\">Les v\u00eatements faisant la promotion de l\u2019ESC de La V\u00e9rendrye doivent \u00eatre approuv\u00e9s par l\u2019\u00e9quipe de directions (par exemple, pour les \u00e9quipes sportives, t-shirt de 12e, jogging ou pour autres activit\u00e9s scolaires).<\/span><\/p><p class=\"_04xlpA direction-ltr align-justify para-style-body\"><span class=\"JsGRdQ\">La tenue vestimentaire des \u00e9l\u00e8ves ne peut aucunement comporter des images ou un langage offensant, y compris des injures, les discours de haine, des blasph\u00e8mes, une affiliation \u00e0 des gangs, la sexualisation et la pornographie. De plus, la tenue vestimentaire ne peut aucunement comporter des images ou un langage repr\u00e9sentant ou pr\u00f4nant la violence ou la consommation d\u2019alcool ou de drogues.<\/span><\/p><p class=\"_04xlpA direction-ltr align-justify para-style-body\"><strong><span class=\"JsGRdQ\">Application :<\/span><\/strong><\/p><p class=\"_04xlpA direction-ltr align-justify para-style-body\"><span class=\"JsGRdQ\">Les \u00e9l\u00e8ves qui ne respectent pas le code vestimentaire se verront offrir trois possibilit\u00e9s de s&rsquo;habiller plus correctement pendant la journ\u00e9e scolaire :<\/span><\/p><ol><li><span class=\"JsGRdQ\">\u00a0<\/span><span class=\"JsGRdQ\">Les \u00e9l\u00e8ves seront invit\u00e9s \u00e0 mettre leurs propres v\u00eatements de rechange, s&rsquo;ils sont d\u00e9j\u00e0 disponibles \u00e0 l&rsquo;\u00e9cole, afin d&rsquo;\u00eatre habill\u00e9s de fa\u00e7on plus correcte pour le reste de la journ\u00e9e.<br \/><br \/><\/span><\/li><li><span class=\"JsGRdQ\">Les \u00e9l\u00e8ves recevront des v\u00eatements scolaires temporaires afin d&rsquo;\u00eatre habill\u00e9s de mani\u00e8re plus correcte pour le reste de la journ\u00e9e.<\/span> <span class=\"JsGRdQ\">Les \u00e9l\u00e8ves devront retourner \u00e0 l&rsquo;\u00e9cole les v\u00eatements lav\u00e9s dans le m\u00eame \u00e9tat dans un d\u00e9lai de temps raisonnable, sinon, ils seront factur\u00e9s le prix du v\u00eatement.<br \/><br \/><\/span><\/li><li><span class=\"JsGRdQ\">Si n\u00e9cessaire, le(s) parent(s), le(s) tuteur(s) ou la(les) personne(s) responsable(s) de l&rsquo;\u00e9l\u00e8ve peuvent \u00eatre appel\u00e9s pendant la journ\u00e9e scolaire pour apporter des v\u00eatements de rechange que l&rsquo;\u00e9l\u00e8ve pourra porter pour le reste de la journ\u00e9e.<\/span><\/li><\/ol><p><span class=\"JsGRdQ\">Afin d\u2019assurer une application efficace et \u00e9quitable de ce code vestimentaire, le personnel est tenu de faire la mise-en-\u0153uvre du code vestimentaire de mani\u00e8re coh\u00e9rente, uniforme et qui ne renforce pas ou n\u2019accro\u00eet pas la marginalisation ou l\u2019oppression d\u2019un groupe fond\u00e9 sur la race, le sexe, l\u2019identit\u00e9 de genre, l\u2019expression de genre, l\u2019orientation sexuelle, l\u2019ethnicit\u00e9, la religion, la culture, le revenu du m\u00e9nage ou la taille ou le type de corps.<\/span><\/p>\t\t\t\t\t\t\t\t<\/div>\n\t\t\t\t<\/div>\n\t\t\t\t\t<\/div>\n\t\t<\/div>\n\t\t\t\t\t<\/div>\n\t\t<\/section>\n\t\t\t\t<\/div>\n\t\t","protected":false},"excerpt":{"rendered":"<p>Pour assurer la r\u00e9ussite des \u00e9l\u00e8ves, un climat positif \u00e0 l\u2019\u00e9cole et un milieu d\u2019apprentissage et d\u2019enseignement s\u00e9curitaire sont des conditions essentielles. Dans une \u00e9cole o\u00f9 le climat est positif, tout le monde se sent le bienvenu et respect\u00e9. Les \u00e9l\u00e8ves, les parents, les enseignants et les membres du personnel ont tous le droit d\u2019\u00eatre [&hellip;]<\/p>\n","protected":false},"author":1,"featured_media":0,"parent":196,"menu_order":1,"comment_status":"closed","ping_status":"closed","template":"elementor_header_footer","meta":{"_mc_calendar":[],"footnotes":""},"class_list":["post-1541","page","type-page","status-publish","hentry"],"yoast_head":"<!-- This site is optimized with the Yoast SEO plugin v28.3 - https:\/\/yoast.com\/product\/yoast-seo-wordpress\/ -->\n<title>Code de conduite - \u00c9SC de La V\u00e9rendrye<\/title>\n<meta name=\"robots\" content=\"index, follow, max-snippet:-1, max-image-preview:large, max-video-preview:-1\" \/>\n<link rel=\"canonical\" href=\"https:\/\/escdlv.csdcab.ca\/en\/notre-ecole\/code-de-conduite\/\" \/>\n<meta property=\"og:locale\" content=\"en_US\" \/>\n<meta property=\"og:type\" content=\"article\" \/>\n<meta property=\"og:title\" content=\"Code de conduite - \u00c9SC de La V\u00e9rendrye\" \/>\n<meta property=\"og:description\" content=\"Pour assurer la r\u00e9ussite des \u00e9l\u00e8ves, un climat positif \u00e0 l\u2019\u00e9cole et un milieu d\u2019apprentissage et d\u2019enseignement s\u00e9curitaire sont des conditions essentielles. Dans une \u00e9cole o\u00f9 le climat est positif, tout le monde se sent le bienvenu et respect\u00e9. Les \u00e9l\u00e8ves, les parents, les enseignants et les membres du personnel ont tous le droit d\u2019\u00eatre [&hellip;]\" \/>\n<meta property=\"og:url\" content=\"https:\/\/escdlv.csdcab.ca\/en\/notre-ecole\/code-de-conduite\/\" \/>\n<meta property=\"og:site_name\" content=\"\u00c9SC de La V\u00e9rendrye\" \/>\n<meta property=\"article:modified_time\" content=\"2026-08-27T13:37:22+00:00\" \/>\n<meta name=\"twitter:card\" content=\"summary_large_image\" \/>\n<meta name=\"twitter:label1\" content=\"Est. reading time\" \/>\n\t<meta name=\"twitter:data1\" content=\"5 minutes\" \/>\n<script type=\"application\/ld+json\" class=\"yoast-schema-graph\">{\"@context\":\"https:\\\/\\\/schema.org\",\"@graph\":[{\"@type\":\"WebPage\",\"@id\":\"https:\\\/\\\/escdlv.csdcab.ca\\\/notre-ecole\\\/code-de-conduite\\\/\",\"url\":\"https:\\\/\\\/escdlv.csdcab.ca\\\/notre-ecole\\\/code-de-conduite\\\/\",\"name\":\"Code de conduite - \u00c9SC de La V\u00e9rendrye\",\"isPartOf\":{\"@id\":\"https:\\\/\\\/escdlv.csdcab.ca\\\/en\\\/#website\"},\"datePublished\":\"2021-09-29T15:27:02+00:00\",\"dateModified\":\"2026-08-27T13:37:22+00:00\",\"breadcrumb\":{\"@id\":\"https:\\\/\\\/escdlv.csdcab.ca\\\/notre-ecole\\\/code-de-conduite\\\/#breadcrumb\"},\"inLanguage\":\"en-CA\",\"potentialAction\":[{\"@type\":\"ReadAction\",\"target\":[\"https:\\\/\\\/escdlv.csdcab.ca\\\/notre-ecole\\\/code-de-conduite\\\/\"]}]},{\"@type\":\"BreadcrumbList\",\"@id\":\"https:\\\/\\\/escdlv.csdcab.ca\\\/notre-ecole\\\/code-de-conduite\\\/#breadcrumb\",\"itemListElement\":[{\"@type\":\"ListItem\",\"position\":1,\"name\":\"Accueil\",\"item\":\"https:\\\/\\\/escdlv.csdcab.ca\\\/\"},{\"@type\":\"ListItem\",\"position\":2,\"name\":\"Notre \u00e9cole\",\"item\":\"https:\\\/\\\/escdlv.csdcab.ca\\\/notre-ecole\\\/\"},{\"@type\":\"ListItem\",\"position\":3,\"name\":\"Code de conduite\"}]},{\"@type\":\"WebSite\",\"@id\":\"https:\\\/\\\/escdlv.csdcab.ca\\\/en\\\/#website\",\"url\":\"https:\\\/\\\/escdlv.csdcab.ca\\\/en\\\/\",\"name\":\"\u00c9SC de La V\u00e9rendrye\",\"description\":\"\u00c9SC de La V\u00e9rendrye\",\"publisher\":{\"@id\":\"https:\\\/\\\/escdlv.csdcab.ca\\\/en\\\/#organization\"},\"potentialAction\":[{\"@type\":\"SearchAction\",\"target\":{\"@type\":\"EntryPoint\",\"urlTemplate\":\"https:\\\/\\\/escdlv.csdcab.ca\\\/en\\\/?s={search_term_string}\"},\"query-input\":{\"@type\":\"PropertyValueSpecification\",\"valueRequired\":true,\"valueName\":\"search_term_string\"}}],\"inLanguage\":\"en-CA\"},{\"@type\":\"Organization\",\"@id\":\"https:\\\/\\\/escdlv.csdcab.ca\\\/en\\\/#organization\",\"name\":\"\u00c9SC de La V\u00e9rendrye\",\"url\":\"https:\\\/\\\/escdlv.csdcab.ca\\\/en\\\/\",\"logo\":{\"@type\":\"ImageObject\",\"inLanguage\":\"en-CA\",\"@id\":\"https:\\\/\\\/escdlv.csdcab.ca\\\/en\\\/#\\\/schema\\\/logo\\\/image\\\/\",\"url\":\"https:\\\/\\\/escdlv.csdcab.ca\\\/wp-content\\\/uploads\\\/sites\\\/5\\\/2021\\\/08\\\/favicon_verendrye.png\",\"contentUrl\":\"https:\\\/\\\/escdlv.csdcab.ca\\\/wp-content\\\/uploads\\\/sites\\\/5\\\/2021\\\/08\\\/favicon_verendrye.png\",\"width\":512,\"height\":512,\"caption\":\"\u00c9SC de La V\u00e9rendrye\"},\"image\":{\"@id\":\"https:\\\/\\\/escdlv.csdcab.ca\\\/en\\\/#\\\/schema\\\/logo\\\/image\\\/\"}}]}<\/script>\n<!-- \/ Yoast SEO plugin. -->","yoast_head_json":{"title":"Code de conduite - \u00c9SC de La V\u00e9rendrye","robots":{"index":"index","follow":"follow","max-snippet":"max-snippet:-1","max-image-preview":"max-image-preview:large","max-video-preview":"max-video-preview:-1"},"canonical":"https:\/\/escdlv.csdcab.ca\/en\/notre-ecole\/code-de-conduite\/","og_locale":"en_US","og_type":"article","og_title":"Code de conduite - \u00c9SC de La V\u00e9rendrye","og_description":"Pour assurer la r\u00e9ussite des \u00e9l\u00e8ves, un climat positif \u00e0 l\u2019\u00e9cole et un milieu d\u2019apprentissage et d\u2019enseignement s\u00e9curitaire sont des conditions essentielles. Dans une \u00e9cole o\u00f9 le climat est positif, tout le monde se sent le bienvenu et respect\u00e9. Les \u00e9l\u00e8ves, les parents, les enseignants et les membres du personnel ont tous le droit d\u2019\u00eatre [&hellip;]","og_url":"https:\/\/escdlv.csdcab.ca\/en\/notre-ecole\/code-de-conduite\/","og_site_name":"\u00c9SC de La V\u00e9rendrye","article_modified_time":"2026-08-27T13:37:22+00:00","twitter_card":"summary_large_image","twitter_misc":{"Est. reading time":"5 minutes"},"schema":{"@context":"https:\/\/schema.org","@graph":[{"@type":"WebPage","@id":"https:\/\/escdlv.csdcab.ca\/notre-ecole\/code-de-conduite\/","url":"https:\/\/escdlv.csdcab.ca\/notre-ecole\/code-de-conduite\/","name":"Code de conduite - \u00c9SC de La V\u00e9rendrye","isPartOf":{"@id":"https:\/\/escdlv.csdcab.ca\/en\/#website"},"datePublished":"2021-09-29T15:27:02+00:00","dateModified":"2026-08-27T13:37:22+00:00","breadcrumb":{"@id":"https:\/\/escdlv.csdcab.ca\/notre-ecole\/code-de-conduite\/#breadcrumb"},"inLanguage":"en-CA","potentialAction":[{"@type":"ReadAction","target":["https:\/\/escdlv.csdcab.ca\/notre-ecole\/code-de-conduite\/"]}]},{"@type":"BreadcrumbList","@id":"https:\/\/escdlv.csdcab.ca\/notre-ecole\/code-de-conduite\/#breadcrumb","itemListElement":[{"@type":"ListItem","position":1,"name":"Accueil","item":"https:\/\/escdlv.csdcab.ca\/"},{"@type":"ListItem","position":2,"name":"Notre \u00e9cole","item":"https:\/\/escdlv.csdcab.ca\/notre-ecole\/"},{"@type":"ListItem","position":3,"name":"Code de conduite"}]},{"@type":"WebSite","@id":"https:\/\/escdlv.csdcab.ca\/en\/#website","url":"https:\/\/escdlv.csdcab.ca\/en\/","name":"\u00c9SC de La V\u00e9rendrye","description":"\u00c9SC de La V\u00e9rendrye","publisher":{"@id":"https:\/\/escdlv.csdcab.ca\/en\/#organization"},"potentialAction":[{"@type":"SearchAction","target":{"@type":"EntryPoint","urlTemplate":"https:\/\/escdlv.csdcab.ca\/en\/?s={search_term_string}"},"query-input":{"@type":"PropertyValueSpecification","valueRequired":true,"valueName":"search_term_string"}}],"inLanguage":"en-CA"},{"@type":"Organization","@id":"https:\/\/escdlv.csdcab.ca\/en\/#organization","name":"\u00c9SC de La V\u00e9rendrye","url":"https:\/\/escdlv.csdcab.ca\/en\/","logo":{"@type":"ImageObject","inLanguage":"en-CA","@id":"https:\/\/escdlv.csdcab.ca\/en\/#\/schema\/logo\/image\/","url":"https:\/\/escdlv.csdcab.ca\/wp-content\/uploads\/sites\/5\/2021\/08\/favicon_verendrye.png","contentUrl":"https:\/\/escdlv.csdcab.ca\/wp-content\/uploads\/sites\/5\/2021\/08\/favicon_verendrye.png","width":512,"height":512,"caption":"\u00c9SC de La V\u00e9rendrye"},"image":{"@id":"https:\/\/escdlv.csdcab.ca\/en\/#\/schema\/logo\/image\/"}}]}},"_links":{"self":[{"href":"https:\/\/escdlv.csdcab.ca\/en\/wp-json\/wp\/v2\/pages\/1541","targetHints":{"allow":["GET"]}}],"collection":[{"href":"https:\/\/escdlv.csdcab.ca\/en\/wp-json\/wp\/v2\/pages"}],"about":[{"href":"https:\/\/escdlv.csdcab.ca\/en\/wp-json\/wp\/v2\/types\/page"}],"author":[{"embeddable":true,"href":"https:\/\/escdlv.csdcab.ca\/en\/wp-json\/wp\/v2\/users\/1"}],"replies":[{"embeddable":true,"href":"https:\/\/escdlv.csdcab.ca\/en\/wp-json\/wp\/v2\/comments?post=1541"}],"version-history":[{"count":0,"href":"https:\/\/escdlv.csdcab.ca\/en\/wp-json\/wp\/v2\/pages\/1541\/revisions"}],"up":[{"embeddable":true,"href":"https:\/\/escdlv.csdcab.ca\/en\/wp-json\/wp\/v2\/pages\/196"}],"wp:attachment":[{"href":"https:\/\/escdlv.csdcab.ca\/en\/wp-json\/wp\/v2\/media?parent=1541"}],"curies":[{"name":"wp","href":"https:\/\/api.w.org\/{rel}","templated":true}]}}