{"id":198,"date":"2021-08-10T16:18:50","date_gmt":"2021-08-10T16:18:50","guid":{"rendered":"https:\/\/csdcab.tondesign.ca\/val-des-bois\/?page_id=198"},"modified":"2024-12-20T20:29:07","modified_gmt":"2024-12-20T20:29:07","slug":"climat-scolaire","status":"publish","type":"page","link":"https:\/\/escdlv.csdcab.ca\/en\/notre-ecole\/climat-scolaire\/","title":{"rendered":"School climate"},"content":{"rendered":"\t\t<div data-elementor-type=\"wp-page\" data-elementor-id=\"198\" class=\"elementor elementor-198\" data-elementor-post-type=\"page\">\n\t\t\t\t\t\t<section class=\"elementor-section elementor-top-section elementor-element elementor-element-087c9a8 elementor-section-boxed elementor-section-height-default elementor-section-height-default\" data-id=\"087c9a8\" data-element_type=\"section\" data-e-type=\"section\" data-settings=\"{&quot;jet_parallax_layout_list&quot;:[{&quot;jet_parallax_layout_image&quot;:{&quot;url&quot;:&quot;&quot;,&quot;id&quot;:&quot;&quot;,&quot;size&quot;:&quot;&quot;},&quot;_id&quot;:&quot;0f122b3&quot;,&quot;jet_parallax_layout_image_tablet&quot;:{&quot;url&quot;:&quot;&quot;,&quot;id&quot;:&quot;&quot;,&quot;size&quot;:&quot;&quot;},&quot;jet_parallax_layout_image_mobile&quot;:{&quot;url&quot;:&quot;&quot;,&quot;id&quot;:&quot;&quot;,&quot;size&quot;:&quot;&quot;},&quot;jet_parallax_layout_speed&quot;:{&quot;unit&quot;:&quot;%&quot;,&quot;size&quot;:50,&quot;sizes&quot;:[]},&quot;jet_parallax_layout_type&quot;:&quot;scroll&quot;,&quot;jet_parallax_layout_direction&quot;:&quot;1&quot;,&quot;jet_parallax_layout_fx_direction&quot;:null,&quot;jet_parallax_layout_z_index&quot;:&quot;&quot;,&quot;jet_parallax_layout_bg_x&quot;:50,&quot;jet_parallax_layout_bg_x_tablet&quot;:&quot;&quot;,&quot;jet_parallax_layout_bg_x_mobile&quot;:&quot;&quot;,&quot;jet_parallax_layout_bg_y&quot;:50,&quot;jet_parallax_layout_bg_y_tablet&quot;:&quot;&quot;,&quot;jet_parallax_layout_bg_y_mobile&quot;:&quot;&quot;,&quot;jet_parallax_layout_bg_size&quot;:&quot;auto&quot;,&quot;jet_parallax_layout_bg_size_tablet&quot;:&quot;&quot;,&quot;jet_parallax_layout_bg_size_mobile&quot;:&quot;&quot;,&quot;jet_parallax_layout_animation_prop&quot;:&quot;transform&quot;,&quot;jet_parallax_layout_on&quot;:[&quot;desktop&quot;,&quot;tablet&quot;]}]}\">\n\t\t\t\t\t\t<div class=\"elementor-container elementor-column-gap-no\">\n\t\t\t\t\t<div class=\"elementor-column elementor-col-50 elementor-top-column elementor-element elementor-element-326f294\" data-id=\"326f294\" data-element_type=\"column\" data-e-type=\"column\">\n\t\t\t<div class=\"elementor-widget-wrap elementor-element-populated\">\n\t\t\t\t\t\t<div class=\"elementor-element elementor-element-2520efe elementor-widget elementor-widget-heading\" data-id=\"2520efe\" data-element_type=\"widget\" data-e-type=\"widget\" data-widget_type=\"heading.default\">\n\t\t\t\t<div class=\"elementor-widget-container\">\n\t\t\t\t\t<h2 class=\"elementor-heading-title elementor-size-default\">Notre \u00e9cole<\/h2>\t\t\t\t<\/div>\n\t\t\t\t<\/div>\n\t\t\t\t<div class=\"elementor-element elementor-element-5015f6d elementor-widget elementor-widget-text-editor\" data-id=\"5015f6d\" data-element_type=\"widget\" data-e-type=\"widget\" data-widget_type=\"text-editor.default\">\n\t\t\t\t<div class=\"elementor-widget-container\">\n\t\t\t\t\t\t\t\t\t<p>L&rsquo;\u00e9cole secondaire catholique de La V\u00e9rendrye est un lieu accueillant, ax\u00e9 sur l&rsquo;enfant et sur ses besoins, qui lui permettra de grandir dans la foi et de bien choisir la voie de sa vie. Nous transmettons \u00e0 l&rsquo;enfant les connaissances n\u00e9cessaires pour r\u00e9ussir dans le monde, tout en lui donnant le sens du bien-\u00eatre personnel et en lui permettant de c\u00e9l\u00e9brer sa catholicit\u00e9.<\/p>\t\t\t\t\t\t\t\t<\/div>\n\t\t\t\t<\/div>\n\t\t\t\t<div class=\"elementor-element elementor-element-c9760d8 elementor-widget elementor-widget-heading\" data-id=\"c9760d8\" data-element_type=\"widget\" data-e-type=\"widget\" data-widget_type=\"heading.default\">\n\t\t\t\t<div class=\"elementor-widget-container\">\n\t\t\t\t\t<h2 class=\"elementor-heading-title elementor-size-default\">Notre devise<\/h2>\t\t\t\t<\/div>\n\t\t\t\t<\/div>\n\t\t\t\t<div class=\"elementor-element elementor-element-77aebce elementor-widget elementor-widget-text-editor\" data-id=\"77aebce\" data-element_type=\"widget\" data-e-type=\"widget\" data-widget_type=\"text-editor.default\">\n\t\t\t\t<div class=\"elementor-widget-container\">\n\t\t\t\t\t\t\t\t\t<p><strong>Ensemble, b\u00e2tissons notre avenir<\/strong><\/p>\t\t\t\t\t\t\t\t<\/div>\n\t\t\t\t<\/div>\n\t\t\t\t<div class=\"elementor-element elementor-element-ffae087 elementor-widget elementor-widget-spacer\" data-id=\"ffae087\" data-element_type=\"widget\" data-e-type=\"widget\" data-widget_type=\"spacer.default\">\n\t\t\t\t<div class=\"elementor-widget-container\">\n\t\t\t\t\t\t\t<div class=\"elementor-spacer\">\n\t\t\t<div class=\"elementor-spacer-inner\"><\/div>\n\t\t<\/div>\n\t\t\t\t\t\t<\/div>\n\t\t\t\t<\/div>\n\t\t\t\t\t<\/div>\n\t\t<\/div>\n\t\t\t\t<div class=\"elementor-column elementor-col-50 elementor-top-column elementor-element elementor-element-022e7cc\" data-id=\"022e7cc\" data-element_type=\"column\" data-e-type=\"column\" data-settings=\"{&quot;background_background&quot;:&quot;classic&quot;}\">\n\t\t\t<div class=\"elementor-widget-wrap elementor-element-populated\">\n\t\t\t\t\t\t<div class=\"elementor-element elementor-element-1731a48 elementor-widget elementor-widget-spacer\" data-id=\"1731a48\" data-element_type=\"widget\" data-e-type=\"widget\" data-widget_type=\"spacer.default\">\n\t\t\t\t<div class=\"elementor-widget-container\">\n\t\t\t\t\t\t\t<div class=\"elementor-spacer\">\n\t\t\t<div class=\"elementor-spacer-inner\"><\/div>\n\t\t<\/div>\n\t\t\t\t\t\t<\/div>\n\t\t\t\t<\/div>\n\t\t\t\t\t<\/div>\n\t\t<\/div>\n\t\t\t\t\t<\/div>\n\t\t<\/section>\n\t\t\t\t<section class=\"elementor-section elementor-top-section elementor-element elementor-element-06f54f5 elementor-section-full_width elementor-section-content-middle elementor-section-height-default elementor-section-height-default\" data-id=\"06f54f5\" data-element_type=\"section\" data-e-type=\"section\" data-settings=\"{&quot;jet_parallax_layout_list&quot;:[]}\">\n\t\t\t\t\t\t<div class=\"elementor-container elementor-column-gap-no\">\n\t\t\t\t\t<div class=\"elementor-column elementor-col-50 elementor-top-column elementor-element elementor-element-3132385\" data-id=\"3132385\" data-element_type=\"column\" data-e-type=\"column\">\n\t\t\t<div class=\"elementor-widget-wrap elementor-element-populated\">\n\t\t\t\t\t\t<div class=\"elementor-element elementor-element-4b85801 elementor-widget elementor-widget-image\" data-id=\"4b85801\" data-element_type=\"widget\" data-e-type=\"widget\" data-widget_type=\"image.default\">\n\t\t\t\t<div class=\"elementor-widget-container\">\n\t\t\t\t\t\t\t\t\t\t\t\t\t\t\t<img fetchpriority=\"high\" decoding=\"async\" width=\"1024\" height=\"1024\" src=\"https:\/\/escdlv.csdcab.ca\/wp-content\/uploads\/sites\/5\/2023\/02\/0H4A8222-scaled-e1676668385455-1024x1024.jpg\" class=\"attachment-large size-large wp-image-2834\" alt=\"\" srcset=\"https:\/\/escdlv.csdcab.ca\/wp-content\/uploads\/sites\/5\/2023\/02\/0H4A8222-scaled-e1676668385455-1024x1024.jpg 1024w, https:\/\/escdlv.csdcab.ca\/wp-content\/uploads\/sites\/5\/2023\/02\/0H4A8222-scaled-e1676668385455-300x300.jpg 300w, https:\/\/escdlv.csdcab.ca\/wp-content\/uploads\/sites\/5\/2023\/02\/0H4A8222-scaled-e1676668385455-150x150.jpg 150w, https:\/\/escdlv.csdcab.ca\/wp-content\/uploads\/sites\/5\/2023\/02\/0H4A8222-scaled-e1676668385455-768x768.jpg 768w, https:\/\/escdlv.csdcab.ca\/wp-content\/uploads\/sites\/5\/2023\/02\/0H4A8222-scaled-e1676668385455-1536x1536.jpg 1536w, https:\/\/escdlv.csdcab.ca\/wp-content\/uploads\/sites\/5\/2023\/02\/0H4A8222-scaled-e1676668385455-12x12.jpg 12w, https:\/\/escdlv.csdcab.ca\/wp-content\/uploads\/sites\/5\/2023\/02\/0H4A8222-scaled-e1676668385455-230x230.jpg 230w, https:\/\/escdlv.csdcab.ca\/wp-content\/uploads\/sites\/5\/2023\/02\/0H4A8222-scaled-e1676668385455-400x400.jpg 400w, https:\/\/escdlv.csdcab.ca\/wp-content\/uploads\/sites\/5\/2023\/02\/0H4A8222-scaled-e1676668385455-600x600.jpg 600w, https:\/\/escdlv.csdcab.ca\/wp-content\/uploads\/sites\/5\/2023\/02\/0H4A8222-scaled-e1676668385455-640x640.jpg 640w, https:\/\/escdlv.csdcab.ca\/wp-content\/uploads\/sites\/5\/2023\/02\/0H4A8222-scaled-e1676668385455.jpg 1709w\" sizes=\"(max-width: 1024px) 100vw, 1024px\" \/>\t\t\t\t\t\t\t\t\t\t\t\t\t\t\t<\/div>\n\t\t\t\t<\/div>\n\t\t\t\t\t<\/div>\n\t\t<\/div>\n\t\t\t\t<div class=\"elementor-column elementor-col-50 elementor-top-column elementor-element elementor-element-b7ac744\" data-id=\"b7ac744\" data-element_type=\"column\" data-e-type=\"column\">\n\t\t\t<div class=\"elementor-widget-wrap elementor-element-populated\">\n\t\t\t\t\t\t<div class=\"elementor-element elementor-element-4ea1e06 elementor-widget elementor-widget-heading\" data-id=\"4ea1e06\" data-element_type=\"widget\" data-e-type=\"widget\" data-widget_type=\"heading.default\">\n\t\t\t\t<div class=\"elementor-widget-container\">\n\t\t\t\t\t<h2 class=\"elementor-heading-title elementor-size-default\"><a href=\"https:\/\/escdlv.csdcab.ca\/wp-content\/uploads\/sites\/5\/2023\/02\/LV-Code-de-vie_juin2022.pdf\" target=\"_blank\">Code de vie <i class=\"fas fa-external-link-alt\"><\/i><\/li><\/a><\/h2>\t\t\t\t<\/div>\n\t\t\t\t<\/div>\n\t\t\t\t<div class=\"elementor-element elementor-element-c231957 elementor-tabs-view-vertical elementor-widget elementor-widget-tabs\" data-id=\"c231957\" data-element_type=\"widget\" data-e-type=\"widget\" data-widget_type=\"tabs.default\">\n\t\t\t\t<div class=\"elementor-widget-container\">\n\t\t\t\t\t\t\t<div class=\"elementor-tabs\">\n\t\t\t<div class=\"elementor-tabs-wrapper\" role=\"tablist\" >\n\t\t\t\t\t\t\t\t\t<div id=\"elementor-tab-title-2031\" class=\"elementor-tab-title elementor-tab-desktop-title\" aria-selected=\"true\" data-tab=\"1\" role=\"tab\" tabindex=\"0\" aria-controls=\"elementor-tab-content-2031\" aria-expanded=\"false\">Courage<\/div>\n\t\t\t\t\t\t\t\t\t<div id=\"elementor-tab-title-2032\" class=\"elementor-tab-title elementor-tab-desktop-title\" aria-selected=\"false\" data-tab=\"2\" role=\"tab\" tabindex=\"-1\" aria-controls=\"elementor-tab-content-2032\" aria-expanded=\"false\">Respect<\/div>\n\t\t\t\t\t\t\t\t\t<div id=\"elementor-tab-title-2033\" class=\"elementor-tab-title elementor-tab-desktop-title\" aria-selected=\"false\" data-tab=\"3\" role=\"tab\" tabindex=\"-1\" aria-controls=\"elementor-tab-content-2033\" aria-expanded=\"false\">Honn\u00eatet\u00e9<\/div>\n\t\t\t\t\t\t\t<\/div>\n\t\t\t<div class=\"elementor-tabs-content-wrapper\" role=\"tablist\" aria-orientation=\"vertical\">\n\t\t\t\t\t\t\t\t\t<div class=\"elementor-tab-title elementor-tab-mobile-title\" aria-selected=\"true\" data-tab=\"1\" role=\"tab\" tabindex=\"0\" aria-controls=\"elementor-tab-content-2031\" aria-expanded=\"false\">Courage<\/div>\n\t\t\t\t\t<div id=\"elementor-tab-content-2031\" class=\"elementor-tab-content elementor-clearfix\" data-tab=\"1\" role=\"tabpanel\" aria-labelledby=\"elementor-tab-title-2031\" tabindex=\"0\" hidden=\"false\"><ul><li>J&rsquo;affiche ma fiert\u00e9 d&rsquo;\u00eatre francophone.<\/li><li>Je fais part pour rendre l&rsquo;\u00e9cole un milieu s\u00e9curitaire et inclusif.<\/li><li>J&rsquo;accepte mes forces et mes d\u00e9fis.<\/li><li>Je participe activement dans mon apprentissage et dans la vie scolaire.<\/li><\/ul><\/div>\n\t\t\t\t\t\t\t\t\t<div class=\"elementor-tab-title elementor-tab-mobile-title\" aria-selected=\"false\" data-tab=\"2\" role=\"tab\" tabindex=\"-1\" aria-controls=\"elementor-tab-content-2032\" aria-expanded=\"false\">Respect<\/div>\n\t\t\t\t\t<div id=\"elementor-tab-content-2032\" class=\"elementor-tab-content elementor-clearfix\" data-tab=\"2\" role=\"tabpanel\" aria-labelledby=\"elementor-tab-title-2032\" tabindex=\"0\" hidden=\"hidden\"><ul><li>Je me respecte et je peux identifier mes limites.<\/li><li>Je respecte les membres du personnel ainsi que les r\u00e8glements d&rsquo;\u00e9cole.<\/li><li>Je respecte les diff\u00e9rences identitaires, religieuses et culturelles d&rsquo;autrui.<\/li><li>Je respecte l&rsquo;espace physique de mon entourage.<\/li><\/ul><p>\u00a0<\/p><\/div>\n\t\t\t\t\t\t\t\t\t<div class=\"elementor-tab-title elementor-tab-mobile-title\" aria-selected=\"false\" data-tab=\"3\" role=\"tab\" tabindex=\"-1\" aria-controls=\"elementor-tab-content-2033\" aria-expanded=\"false\">Honn\u00eatet\u00e9<\/div>\n\t\t\t\t\t<div id=\"elementor-tab-content-2033\" class=\"elementor-tab-content elementor-clearfix\" data-tab=\"3\" role=\"tabpanel\" aria-labelledby=\"elementor-tab-title-2033\" tabindex=\"0\" hidden=\"hidden\"><ul><li>J&rsquo;assume mes choix et j&rsquo;accepte les cons\u00e9quences rattach\u00e9es.<\/li><li>Je d\u00e9montre de l&rsquo;honn\u00eatet\u00e9 acad\u00e9mique en remettant des travaux qui sont les produits de mes efforts.<\/li><li>Je suis honn\u00eate dans le but de maintenir des relations saines avec mes pairs ainsi que les membres du personnel.<\/li><\/ul><\/div>\n\t\t\t\t\t\t\t<\/div>\n\t\t<\/div>\n\t\t\t\t\t\t<\/div>\n\t\t\t\t<\/div>\n\t\t\t\t\t<\/div>\n\t\t<\/div>\n\t\t\t\t\t<\/div>\n\t\t<\/section>\n\t\t\t\t<section class=\"elementor-section elementor-top-section elementor-element elementor-element-e5169fb elementor-section-boxed elementor-section-height-default elementor-section-height-default\" data-id=\"e5169fb\" data-element_type=\"section\" data-e-type=\"section\" data-settings=\"{&quot;jet_parallax_layout_list&quot;:[{&quot;jet_parallax_layout_image&quot;:{&quot;url&quot;:&quot;&quot;,&quot;id&quot;:&quot;&quot;,&quot;size&quot;:&quot;&quot;},&quot;_id&quot;:&quot;0f122b3&quot;,&quot;jet_parallax_layout_image_tablet&quot;:{&quot;url&quot;:&quot;&quot;,&quot;id&quot;:&quot;&quot;,&quot;size&quot;:&quot;&quot;},&quot;jet_parallax_layout_image_mobile&quot;:{&quot;url&quot;:&quot;&quot;,&quot;id&quot;:&quot;&quot;,&quot;size&quot;:&quot;&quot;},&quot;jet_parallax_layout_speed&quot;:{&quot;unit&quot;:&quot;%&quot;,&quot;size&quot;:50,&quot;sizes&quot;:[]},&quot;jet_parallax_layout_type&quot;:&quot;scroll&quot;,&quot;jet_parallax_layout_direction&quot;:&quot;1&quot;,&quot;jet_parallax_layout_fx_direction&quot;:null,&quot;jet_parallax_layout_z_index&quot;:&quot;&quot;,&quot;jet_parallax_layout_bg_x&quot;:50,&quot;jet_parallax_layout_bg_x_tablet&quot;:&quot;&quot;,&quot;jet_parallax_layout_bg_x_mobile&quot;:&quot;&quot;,&quot;jet_parallax_layout_bg_y&quot;:50,&quot;jet_parallax_layout_bg_y_tablet&quot;:&quot;&quot;,&quot;jet_parallax_layout_bg_y_mobile&quot;:&quot;&quot;,&quot;jet_parallax_layout_bg_size&quot;:&quot;auto&quot;,&quot;jet_parallax_layout_bg_size_tablet&quot;:&quot;&quot;,&quot;jet_parallax_layout_bg_size_mobile&quot;:&quot;&quot;,&quot;jet_parallax_layout_animation_prop&quot;:&quot;transform&quot;,&quot;jet_parallax_layout_on&quot;:[&quot;desktop&quot;,&quot;tablet&quot;]}]}\">\n\t\t\t\t\t\t<div class=\"elementor-container elementor-column-gap-no\">\n\t\t\t\t\t<div class=\"elementor-column elementor-col-100 elementor-top-column elementor-element elementor-element-84e1c54\" data-id=\"84e1c54\" data-element_type=\"column\" data-e-type=\"column\">\n\t\t\t<div class=\"elementor-widget-wrap elementor-element-populated\">\n\t\t\t\t\t\t<div class=\"elementor-element elementor-element-12ac967 elementor-widget elementor-widget-spacer\" data-id=\"12ac967\" data-element_type=\"widget\" data-e-type=\"widget\" data-widget_type=\"spacer.default\">\n\t\t\t\t<div class=\"elementor-widget-container\">\n\t\t\t\t\t\t\t<div class=\"elementor-spacer\">\n\t\t\t<div class=\"elementor-spacer-inner\"><\/div>\n\t\t<\/div>\n\t\t\t\t\t\t<\/div>\n\t\t\t\t<\/div>\n\t\t\t\t<div class=\"elementor-element elementor-element-e54f56a elementor-widget elementor-widget-heading\" data-id=\"e54f56a\" data-element_type=\"widget\" data-e-type=\"widget\" data-widget_type=\"heading.default\">\n\t\t\t\t<div class=\"elementor-widget-container\">\n\t\t\t\t\t<h2 class=\"elementor-heading-title elementor-size-default\">Notre plan de pr\u00e9vention et intervention de l'intimidation<\/h2>\t\t\t\t<\/div>\n\t\t\t\t<\/div>\n\t\t\t\t<div class=\"elementor-element elementor-element-2bbc066 elementor-widget elementor-widget-text-editor\" data-id=\"2bbc066\" data-element_type=\"widget\" data-e-type=\"widget\" data-widget_type=\"text-editor.default\">\n\t\t\t\t<div class=\"elementor-widget-container\">\n\t\t\t\t\t\t\t\t\t<p>Le\u00a0<a href=\"https:\/\/csdcab.ca\/wp-content\/uploads\/2024\/12\/LV_Plan-de-prevention-et-dintervention-en-matiere-dintimidation-2024-2025.pdf\" target=\"_blank\" rel=\"noopener\">plan de pr\u00e9vention et d\u2019intervention en mati\u00e8re d\u2019intimidation<\/a>\u00a0vise \u00e0 assurer le climat scolaire positif de notre \u00e9cole. Il est r\u00e9vis\u00e9 annuellement.<\/p>\t\t\t\t\t\t\t\t<\/div>\n\t\t\t\t<\/div>\n\t\t\t\t\t<\/div>\n\t\t<\/div>\n\t\t\t\t\t<\/div>\n\t\t<\/section>\n\t\t\t\t<\/div>\n\t\t","protected":false},"excerpt":{"rendered":"<p>Notre \u00e9cole L&rsquo;\u00e9cole secondaire catholique de La V\u00e9rendrye est un lieu accueillant, ax\u00e9 sur l&rsquo;enfant et sur ses besoins, qui lui permettra de grandir dans la foi et de bien choisir la voie de sa vie. Nous transmettons \u00e0 l&rsquo;enfant les connaissances n\u00e9cessaires pour r\u00e9ussir dans le monde, tout en lui donnant le sens du [&hellip;]<\/p>\n","protected":false},"author":1,"featured_media":0,"parent":196,"menu_order":1,"comment_status":"closed","ping_status":"closed","template":"elementor_header_footer","meta":{"_mc_calendar":[],"footnotes":""},"class_list":["post-198","page","type-page","status-publish","hentry"],"yoast_head":"<!-- This site is optimized with the Yoast SEO plugin v28.3 - https:\/\/yoast.com\/product\/yoast-seo-wordpress\/ -->\n<title>Climat scolaire - \u00c9SC de La V\u00e9rendrye<\/title>\n<meta name=\"robots\" content=\"index, follow, max-snippet:-1, max-image-preview:large, max-video-preview:-1\" \/>\n<link rel=\"canonical\" href=\"https:\/\/escdlv.csdcab.ca\/en\/notre-ecole\/climat-scolaire\/\" \/>\n<meta property=\"og:locale\" content=\"en_US\" \/>\n<meta property=\"og:type\" content=\"article\" \/>\n<meta property=\"og:title\" content=\"Climat scolaire - \u00c9SC de La V\u00e9rendrye\" \/>\n<meta property=\"og:description\" content=\"Notre \u00e9cole L&rsquo;\u00e9cole secondaire catholique de La V\u00e9rendrye est un lieu accueillant, ax\u00e9 sur l&rsquo;enfant et sur ses besoins, qui lui permettra de grandir dans la foi et de bien choisir la voie de sa vie. Nous transmettons \u00e0 l&rsquo;enfant les connaissances n\u00e9cessaires pour r\u00e9ussir dans le monde, tout en lui donnant le sens du [&hellip;]\" \/>\n<meta property=\"og:url\" content=\"https:\/\/escdlv.csdcab.ca\/en\/notre-ecole\/climat-scolaire\/\" \/>\n<meta property=\"og:site_name\" content=\"\u00c9SC de La V\u00e9rendrye\" \/>\n<meta property=\"article:modified_time\" content=\"2024-12-20T20:29:07+00:00\" \/>\n<meta property=\"og:image\" content=\"https:\/\/escdlv.csdcab.ca\/wp-content\/uploads\/sites\/5\/2023\/02\/0H4A8222-scaled-e1676668385455.jpg\" \/>\n\t<meta property=\"og:image:width\" content=\"1709\" \/>\n\t<meta property=\"og:image:height\" content=\"1709\" \/>\n\t<meta property=\"og:image:type\" content=\"image\/jpeg\" \/>\n<meta name=\"twitter:card\" content=\"summary_large_image\" \/>\n<meta name=\"twitter:label1\" content=\"Est. reading time\" \/>\n\t<meta name=\"twitter:data1\" content=\"1 minute\" \/>\n<script type=\"application\/ld+json\" class=\"yoast-schema-graph\">{\"@context\":\"https:\\\/\\\/schema.org\",\"@graph\":[{\"@type\":\"WebPage\",\"@id\":\"https:\\\/\\\/escdlv.csdcab.ca\\\/notre-ecole\\\/climat-scolaire\\\/\",\"url\":\"https:\\\/\\\/escdlv.csdcab.ca\\\/notre-ecole\\\/climat-scolaire\\\/\",\"name\":\"Climat scolaire - \u00c9SC de La V\u00e9rendrye\",\"isPartOf\":{\"@id\":\"https:\\\/\\\/escdlv.csdcab.ca\\\/en\\\/#website\"},\"primaryImageOfPage\":{\"@id\":\"https:\\\/\\\/escdlv.csdcab.ca\\\/notre-ecole\\\/climat-scolaire\\\/#primaryimage\"},\"image\":{\"@id\":\"https:\\\/\\\/escdlv.csdcab.ca\\\/notre-ecole\\\/climat-scolaire\\\/#primaryimage\"},\"thumbnailUrl\":\"https:\\\/\\\/escdlv.csdcab.ca\\\/wp-content\\\/uploads\\\/sites\\\/5\\\/2023\\\/02\\\/0H4A8222-scaled-e1676668385455-1024x1024.jpg\",\"datePublished\":\"2021-08-10T16:18:50+00:00\",\"dateModified\":\"2024-12-20T20:29:07+00:00\",\"breadcrumb\":{\"@id\":\"https:\\\/\\\/escdlv.csdcab.ca\\\/notre-ecole\\\/climat-scolaire\\\/#breadcrumb\"},\"inLanguage\":\"en-CA\",\"potentialAction\":[{\"@type\":\"ReadAction\",\"target\":[\"https:\\\/\\\/escdlv.csdcab.ca\\\/notre-ecole\\\/climat-scolaire\\\/\"]}]},{\"@type\":\"ImageObject\",\"inLanguage\":\"en-CA\",\"@id\":\"https:\\\/\\\/escdlv.csdcab.ca\\\/notre-ecole\\\/climat-scolaire\\\/#primaryimage\",\"url\":\"https:\\\/\\\/escdlv.csdcab.ca\\\/wp-content\\\/uploads\\\/sites\\\/5\\\/2023\\\/02\\\/0H4A8222-scaled-e1676668385455-1024x1024.jpg\",\"contentUrl\":\"https:\\\/\\\/escdlv.csdcab.ca\\\/wp-content\\\/uploads\\\/sites\\\/5\\\/2023\\\/02\\\/0H4A8222-scaled-e1676668385455-1024x1024.jpg\"},{\"@type\":\"BreadcrumbList\",\"@id\":\"https:\\\/\\\/escdlv.csdcab.ca\\\/notre-ecole\\\/climat-scolaire\\\/#breadcrumb\",\"itemListElement\":[{\"@type\":\"ListItem\",\"position\":1,\"name\":\"Accueil\",\"item\":\"https:\\\/\\\/escdlv.csdcab.ca\\\/\"},{\"@type\":\"ListItem\",\"position\":2,\"name\":\"Notre \u00e9cole\",\"item\":\"https:\\\/\\\/escdlv.csdcab.ca\\\/notre-ecole\\\/\"},{\"@type\":\"ListItem\",\"position\":3,\"name\":\"Climat scolaire\"}]},{\"@type\":\"WebSite\",\"@id\":\"https:\\\/\\\/escdlv.csdcab.ca\\\/en\\\/#website\",\"url\":\"https:\\\/\\\/escdlv.csdcab.ca\\\/en\\\/\",\"name\":\"\u00c9SC de La V\u00e9rendrye\",\"description\":\"\u00c9SC de La V\u00e9rendrye\",\"publisher\":{\"@id\":\"https:\\\/\\\/escdlv.csdcab.ca\\\/en\\\/#organization\"},\"potentialAction\":[{\"@type\":\"SearchAction\",\"target\":{\"@type\":\"EntryPoint\",\"urlTemplate\":\"https:\\\/\\\/escdlv.csdcab.ca\\\/en\\\/?s={search_term_string}\"},\"query-input\":{\"@type\":\"PropertyValueSpecification\",\"valueRequired\":true,\"valueName\":\"search_term_string\"}}],\"inLanguage\":\"en-CA\"},{\"@type\":\"Organization\",\"@id\":\"https:\\\/\\\/escdlv.csdcab.ca\\\/en\\\/#organization\",\"name\":\"\u00c9SC de La V\u00e9rendrye\",\"url\":\"https:\\\/\\\/escdlv.csdcab.ca\\\/en\\\/\",\"logo\":{\"@type\":\"ImageObject\",\"inLanguage\":\"en-CA\",\"@id\":\"https:\\\/\\\/escdlv.csdcab.ca\\\/en\\\/#\\\/schema\\\/logo\\\/image\\\/\",\"url\":\"https:\\\/\\\/escdlv.csdcab.ca\\\/wp-content\\\/uploads\\\/sites\\\/5\\\/2021\\\/08\\\/favicon_verendrye.png\",\"contentUrl\":\"https:\\\/\\\/escdlv.csdcab.ca\\\/wp-content\\\/uploads\\\/sites\\\/5\\\/2021\\\/08\\\/favicon_verendrye.png\",\"width\":512,\"height\":512,\"caption\":\"\u00c9SC de La V\u00e9rendrye\"},\"image\":{\"@id\":\"https:\\\/\\\/escdlv.csdcab.ca\\\/en\\\/#\\\/schema\\\/logo\\\/image\\\/\"}}]}<\/script>\n<!-- \/ Yoast SEO plugin. -->","yoast_head_json":{"title":"Climat scolaire - \u00c9SC de La V\u00e9rendrye","robots":{"index":"index","follow":"follow","max-snippet":"max-snippet:-1","max-image-preview":"max-image-preview:large","max-video-preview":"max-video-preview:-1"},"canonical":"https:\/\/escdlv.csdcab.ca\/en\/notre-ecole\/climat-scolaire\/","og_locale":"en_US","og_type":"article","og_title":"Climat scolaire - \u00c9SC de La V\u00e9rendrye","og_description":"Notre \u00e9cole L&rsquo;\u00e9cole secondaire catholique de La V\u00e9rendrye est un lieu accueillant, ax\u00e9 sur l&rsquo;enfant et sur ses besoins, qui lui permettra de grandir dans la foi et de bien choisir la voie de sa vie. Nous transmettons \u00e0 l&rsquo;enfant les connaissances n\u00e9cessaires pour r\u00e9ussir dans le monde, tout en lui donnant le sens du [&hellip;]","og_url":"https:\/\/escdlv.csdcab.ca\/en\/notre-ecole\/climat-scolaire\/","og_site_name":"\u00c9SC de La V\u00e9rendrye","article_modified_time":"2024-12-20T20:29:07+00:00","og_image":[{"width":1709,"height":1709,"url":"https:\/\/escdlv.csdcab.ca\/wp-content\/uploads\/sites\/5\/2023\/02\/0H4A8222-scaled-e1676668385455.jpg","type":"image\/jpeg"}],"twitter_card":"summary_large_image","twitter_misc":{"Est. reading time":"1 minute"},"schema":{"@context":"https:\/\/schema.org","@graph":[{"@type":"WebPage","@id":"https:\/\/escdlv.csdcab.ca\/notre-ecole\/climat-scolaire\/","url":"https:\/\/escdlv.csdcab.ca\/notre-ecole\/climat-scolaire\/","name":"Climat scolaire - \u00c9SC de La V\u00e9rendrye","isPartOf":{"@id":"https:\/\/escdlv.csdcab.ca\/en\/#website"},"primaryImageOfPage":{"@id":"https:\/\/escdlv.csdcab.ca\/notre-ecole\/climat-scolaire\/#primaryimage"},"image":{"@id":"https:\/\/escdlv.csdcab.ca\/notre-ecole\/climat-scolaire\/#primaryimage"},"thumbnailUrl":"https:\/\/escdlv.csdcab.ca\/wp-content\/uploads\/sites\/5\/2023\/02\/0H4A8222-scaled-e1676668385455-1024x1024.jpg","datePublished":"2021-08-10T16:18:50+00:00","dateModified":"2024-12-20T20:29:07+00:00","breadcrumb":{"@id":"https:\/\/escdlv.csdcab.ca\/notre-ecole\/climat-scolaire\/#breadcrumb"},"inLanguage":"en-CA","potentialAction":[{"@type":"ReadAction","target":["https:\/\/escdlv.csdcab.ca\/notre-ecole\/climat-scolaire\/"]}]},{"@type":"ImageObject","inLanguage":"en-CA","@id":"https:\/\/escdlv.csdcab.ca\/notre-ecole\/climat-scolaire\/#primaryimage","url":"https:\/\/escdlv.csdcab.ca\/wp-content\/uploads\/sites\/5\/2023\/02\/0H4A8222-scaled-e1676668385455-1024x1024.jpg","contentUrl":"https:\/\/escdlv.csdcab.ca\/wp-content\/uploads\/sites\/5\/2023\/02\/0H4A8222-scaled-e1676668385455-1024x1024.jpg"},{"@type":"BreadcrumbList","@id":"https:\/\/escdlv.csdcab.ca\/notre-ecole\/climat-scolaire\/#breadcrumb","itemListElement":[{"@type":"ListItem","position":1,"name":"Accueil","item":"https:\/\/escdlv.csdcab.ca\/"},{"@type":"ListItem","position":2,"name":"Notre \u00e9cole","item":"https:\/\/escdlv.csdcab.ca\/notre-ecole\/"},{"@type":"ListItem","position":3,"name":"Climat scolaire"}]},{"@type":"WebSite","@id":"https:\/\/escdlv.csdcab.ca\/en\/#website","url":"https:\/\/escdlv.csdcab.ca\/en\/","name":"\u00c9SC de La V\u00e9rendrye","description":"\u00c9SC de La V\u00e9rendrye","publisher":{"@id":"https:\/\/escdlv.csdcab.ca\/en\/#organization"},"potentialAction":[{"@type":"SearchAction","target":{"@type":"EntryPoint","urlTemplate":"https:\/\/escdlv.csdcab.ca\/en\/?s={search_term_string}"},"query-input":{"@type":"PropertyValueSpecification","valueRequired":true,"valueName":"search_term_string"}}],"inLanguage":"en-CA"},{"@type":"Organization","@id":"https:\/\/escdlv.csdcab.ca\/en\/#organization","name":"\u00c9SC de La V\u00e9rendrye","url":"https:\/\/escdlv.csdcab.ca\/en\/","logo":{"@type":"ImageObject","inLanguage":"en-CA","@id":"https:\/\/escdlv.csdcab.ca\/en\/#\/schema\/logo\/image\/","url":"https:\/\/escdlv.csdcab.ca\/wp-content\/uploads\/sites\/5\/2021\/08\/favicon_verendrye.png","contentUrl":"https:\/\/escdlv.csdcab.ca\/wp-content\/uploads\/sites\/5\/2021\/08\/favicon_verendrye.png","width":512,"height":512,"caption":"\u00c9SC de La V\u00e9rendrye"},"image":{"@id":"https:\/\/escdlv.csdcab.ca\/en\/#\/schema\/logo\/image\/"}}]}},"_links":{"self":[{"href":"https:\/\/escdlv.csdcab.ca\/en\/wp-json\/wp\/v2\/pages\/198","targetHints":{"allow":["GET"]}}],"collection":[{"href":"https:\/\/escdlv.csdcab.ca\/en\/wp-json\/wp\/v2\/pages"}],"about":[{"href":"https:\/\/escdlv.csdcab.ca\/en\/wp-json\/wp\/v2\/types\/page"}],"author":[{"embeddable":true,"href":"https:\/\/escdlv.csdcab.ca\/en\/wp-json\/wp\/v2\/users\/1"}],"replies":[{"embeddable":true,"href":"https:\/\/escdlv.csdcab.ca\/en\/wp-json\/wp\/v2\/comments?post=198"}],"version-history":[{"count":0,"href":"https:\/\/escdlv.csdcab.ca\/en\/wp-json\/wp\/v2\/pages\/198\/revisions"}],"up":[{"embeddable":true,"href":"https:\/\/escdlv.csdcab.ca\/en\/wp-json\/wp\/v2\/pages\/196"}],"wp:attachment":[{"href":"https:\/\/escdlv.csdcab.ca\/en\/wp-json\/wp\/v2\/media?parent=198"}],"curies":[{"name":"wp","href":"https:\/\/api.w.org\/{rel}","templated":true}]}}