{"id":2026,"date":"2021-10-12T14:19:19","date_gmt":"2021-10-12T14:19:19","guid":{"rendered":"https:\/\/escdlv.csdcab.ca\/?page_id=2026"},"modified":"2022-01-12T21:22:09","modified_gmt":"2022-01-12T21:22:09","slug":"francophonie","status":"publish","type":"page","link":"https:\/\/escdlv.csdcab.ca\/en\/education\/francophonie\/","title":{"rendered":"Francophonie"},"content":{"rendered":"\t\t<div data-elementor-type=\"wp-page\" data-elementor-id=\"2026\" class=\"elementor elementor-2026\" data-elementor-post-type=\"page\">\n\t\t\t\t\t\t<section class=\"elementor-section elementor-top-section elementor-element elementor-element-361a3f1c elementor-section-boxed elementor-section-height-default elementor-section-height-default\" data-id=\"361a3f1c\" data-element_type=\"section\" data-e-type=\"section\" data-settings=\"{&quot;jet_parallax_layout_list&quot;:[{&quot;jet_parallax_layout_image&quot;:{&quot;url&quot;:&quot;&quot;,&quot;id&quot;:&quot;&quot;,&quot;size&quot;:&quot;&quot;},&quot;_id&quot;:&quot;0f122b3&quot;,&quot;jet_parallax_layout_image_tablet&quot;:{&quot;url&quot;:&quot;&quot;,&quot;id&quot;:&quot;&quot;,&quot;size&quot;:&quot;&quot;},&quot;jet_parallax_layout_image_mobile&quot;:{&quot;url&quot;:&quot;&quot;,&quot;id&quot;:&quot;&quot;,&quot;size&quot;:&quot;&quot;},&quot;jet_parallax_layout_speed&quot;:{&quot;unit&quot;:&quot;%&quot;,&quot;size&quot;:50,&quot;sizes&quot;:[]},&quot;jet_parallax_layout_type&quot;:&quot;scroll&quot;,&quot;jet_parallax_layout_direction&quot;:&quot;1&quot;,&quot;jet_parallax_layout_fx_direction&quot;:null,&quot;jet_parallax_layout_z_index&quot;:&quot;&quot;,&quot;jet_parallax_layout_bg_x&quot;:50,&quot;jet_parallax_layout_bg_x_tablet&quot;:&quot;&quot;,&quot;jet_parallax_layout_bg_x_mobile&quot;:&quot;&quot;,&quot;jet_parallax_layout_bg_y&quot;:50,&quot;jet_parallax_layout_bg_y_tablet&quot;:&quot;&quot;,&quot;jet_parallax_layout_bg_y_mobile&quot;:&quot;&quot;,&quot;jet_parallax_layout_bg_size&quot;:&quot;auto&quot;,&quot;jet_parallax_layout_bg_size_tablet&quot;:&quot;&quot;,&quot;jet_parallax_layout_bg_size_mobile&quot;:&quot;&quot;,&quot;jet_parallax_layout_animation_prop&quot;:&quot;transform&quot;,&quot;jet_parallax_layout_on&quot;:[&quot;desktop&quot;,&quot;tablet&quot;]}]}\">\n\t\t\t\t\t\t<div class=\"elementor-container elementor-column-gap-no\">\n\t\t\t\t\t<div class=\"elementor-column elementor-col-50 elementor-top-column elementor-element elementor-element-4a3e9184\" data-id=\"4a3e9184\" data-element_type=\"column\" data-e-type=\"column\">\n\t\t\t<div class=\"elementor-widget-wrap elementor-element-populated\">\n\t\t\t\t\t\t<div class=\"elementor-element elementor-element-65826ac2 elementor-widget elementor-widget-text-editor\" data-id=\"65826ac2\" data-element_type=\"widget\" data-e-type=\"widget\" data-widget_type=\"text-editor.default\">\n\t\t\t\t<div class=\"elementor-widget-container\">\n\t\t\t\t\t\t\t\t\t<p data-uw-styling-context=\"true\">La francophonie est au c\u0153ur de notre Conseil. Notre but est d\u2019offrir \u00e0 nos \u00e9l\u00e8ves l\u2019occasion de vivre en fran\u00e7ais et de se baigner dans la culture francophone afin qu\u2019ils b\u00e2tissent des connaissances, liens, et amiti\u00e9s qui les am\u00e8nera \u00e0 devenir bilingues pour la vie.<\/p><p data-uw-styling-context=\"true\">Nous sommes heureux de participer au d\u00e9veloppement spirituel de votre enfant, \u00e0 la fiert\u00e9 et au sens d\u2019appartenance \u00e0 la langue et aux cultures francophones.\u00a0 Gr\u00e2ce \u00e0 des activit\u00e9s d\u2019animation culturelle telles que l\u2019improvisation, le camp de leadership, le camp des m\u00e9tiers, le tournoi de robotique, les activit\u00e9s de la FESFO, les spectacles, et autres, votre enfant trouvera plaisir \u00e0 parler et vivre en fran\u00e7ais tous les jours en plus d\u2019avoir l\u2019opportunit\u00e9 de faire valoir son leadership au sein de son \u00e9cole, de son conseil et de sa communaut\u00e9 francophone.<\/p><p><strong data-uw-styling-context=\"true\">Plus d\u2019information \u00e0 venir.<\/strong><\/p>\t\t\t\t\t\t\t\t<\/div>\n\t\t\t\t<\/div>\n\t\t\t\t\t<\/div>\n\t\t<\/div>\n\t\t\t\t<div class=\"elementor-column elementor-col-50 elementor-top-column elementor-element elementor-element-23f78d5\" data-id=\"23f78d5\" data-element_type=\"column\" data-e-type=\"column\" data-settings=\"{&quot;background_background&quot;:&quot;classic&quot;}\">\n\t\t\t<div class=\"elementor-widget-wrap elementor-element-populated\">\n\t\t\t\t\t\t<div class=\"elementor-element elementor-element-664af7d5 elementor-widget elementor-widget-spacer\" data-id=\"664af7d5\" data-element_type=\"widget\" data-e-type=\"widget\" data-widget_type=\"spacer.default\">\n\t\t\t\t<div class=\"elementor-widget-container\">\n\t\t\t\t\t\t\t<div class=\"elementor-spacer\">\n\t\t\t<div class=\"elementor-spacer-inner\"><\/div>\n\t\t<\/div>\n\t\t\t\t\t\t<\/div>\n\t\t\t\t<\/div>\n\t\t\t\t\t<\/div>\n\t\t<\/div>\n\t\t\t\t\t<\/div>\n\t\t<\/section>\n\t\t\t\t<\/div>\n\t\t","protected":false},"excerpt":{"rendered":"<p>La francophonie est au c\u0153ur de notre Conseil. Notre but est d\u2019offrir \u00e0 nos \u00e9l\u00e8ves l\u2019occasion de vivre en fran\u00e7ais et de se baigner dans la culture francophone afin qu\u2019ils b\u00e2tissent des connaissances, liens, et amiti\u00e9s qui les am\u00e8nera \u00e0 devenir bilingues pour la vie. Nous sommes heureux de participer au d\u00e9veloppement spirituel de votre [&hellip;]<\/p>\n","protected":false},"author":1,"featured_media":0,"parent":293,"menu_order":0,"comment_status":"closed","ping_status":"closed","template":"elementor_header_footer","meta":{"_mc_calendar":[],"footnotes":""},"class_list":["post-2026","page","type-page","status-publish","hentry"],"yoast_head":"<!-- This site is optimized with the Yoast SEO plugin v28.3 - https:\/\/yoast.com\/product\/yoast-seo-wordpress\/ -->\n<title>Francophonie - \u00c9SC de La V\u00e9rendrye<\/title>\n<meta name=\"robots\" content=\"index, follow, max-snippet:-1, max-image-preview:large, max-video-preview:-1\" \/>\n<link rel=\"canonical\" href=\"https:\/\/escdlv.csdcab.ca\/en\/education\/francophonie\/\" \/>\n<meta property=\"og:locale\" content=\"en_US\" \/>\n<meta property=\"og:type\" content=\"article\" \/>\n<meta property=\"og:title\" content=\"Francophonie - \u00c9SC de La V\u00e9rendrye\" \/>\n<meta property=\"og:description\" content=\"La francophonie est au c\u0153ur de notre Conseil. Notre but est d\u2019offrir \u00e0 nos \u00e9l\u00e8ves l\u2019occasion de vivre en fran\u00e7ais et de se baigner dans la culture francophone afin qu\u2019ils b\u00e2tissent des connaissances, liens, et amiti\u00e9s qui les am\u00e8nera \u00e0 devenir bilingues pour la vie. Nous sommes heureux de participer au d\u00e9veloppement spirituel de votre [&hellip;]\" \/>\n<meta property=\"og:url\" content=\"https:\/\/escdlv.csdcab.ca\/en\/education\/francophonie\/\" \/>\n<meta property=\"og:site_name\" content=\"\u00c9SC de La V\u00e9rendrye\" \/>\n<meta property=\"article:modified_time\" content=\"2022-01-12T21:22:09+00:00\" \/>\n<meta name=\"twitter:card\" content=\"summary_large_image\" \/>\n<meta name=\"twitter:label1\" content=\"Est. reading time\" \/>\n\t<meta name=\"twitter:data1\" content=\"1 minute\" \/>\n<script type=\"application\/ld+json\" class=\"yoast-schema-graph\">{\"@context\":\"https:\\\/\\\/schema.org\",\"@graph\":[{\"@type\":\"WebPage\",\"@id\":\"https:\\\/\\\/escdlv.csdcab.ca\\\/en\\\/education\\\/francophonie\\\/\",\"url\":\"https:\\\/\\\/escdlv.csdcab.ca\\\/en\\\/education\\\/francophonie\\\/\",\"name\":\"Francophonie - \u00c9SC de La V\u00e9rendrye\",\"isPartOf\":{\"@id\":\"https:\\\/\\\/escdlv.csdcab.ca\\\/en\\\/#website\"},\"datePublished\":\"2021-10-12T14:19:19+00:00\",\"dateModified\":\"2022-01-12T21:22:09+00:00\",\"breadcrumb\":{\"@id\":\"https:\\\/\\\/escdlv.csdcab.ca\\\/en\\\/education\\\/francophonie\\\/#breadcrumb\"},\"inLanguage\":\"en-CA\",\"potentialAction\":[{\"@type\":\"ReadAction\",\"target\":[\"https:\\\/\\\/escdlv.csdcab.ca\\\/en\\\/education\\\/francophonie\\\/\"]}]},{\"@type\":\"BreadcrumbList\",\"@id\":\"https:\\\/\\\/escdlv.csdcab.ca\\\/en\\\/education\\\/francophonie\\\/#breadcrumb\",\"itemListElement\":[{\"@type\":\"ListItem\",\"position\":1,\"name\":\"Accueil\",\"item\":\"https:\\\/\\\/escdlv.csdcab.ca\\\/\"},{\"@type\":\"ListItem\",\"position\":2,\"name\":\"\u00c9ducation\",\"item\":\"https:\\\/\\\/escdlv.csdcab.ca\\\/en\\\/education\\\/\"},{\"@type\":\"ListItem\",\"position\":3,\"name\":\"Francophonie\"}]},{\"@type\":\"WebSite\",\"@id\":\"https:\\\/\\\/escdlv.csdcab.ca\\\/en\\\/#website\",\"url\":\"https:\\\/\\\/escdlv.csdcab.ca\\\/en\\\/\",\"name\":\"\u00c9SC de La V\u00e9rendrye\",\"description\":\"\u00c9SC de La V\u00e9rendrye\",\"publisher\":{\"@id\":\"https:\\\/\\\/escdlv.csdcab.ca\\\/en\\\/#organization\"},\"potentialAction\":[{\"@type\":\"SearchAction\",\"target\":{\"@type\":\"EntryPoint\",\"urlTemplate\":\"https:\\\/\\\/escdlv.csdcab.ca\\\/en\\\/?s={search_term_string}\"},\"query-input\":{\"@type\":\"PropertyValueSpecification\",\"valueRequired\":true,\"valueName\":\"search_term_string\"}}],\"inLanguage\":\"en-CA\"},{\"@type\":\"Organization\",\"@id\":\"https:\\\/\\\/escdlv.csdcab.ca\\\/en\\\/#organization\",\"name\":\"\u00c9SC de La V\u00e9rendrye\",\"url\":\"https:\\\/\\\/escdlv.csdcab.ca\\\/en\\\/\",\"logo\":{\"@type\":\"ImageObject\",\"inLanguage\":\"en-CA\",\"@id\":\"https:\\\/\\\/escdlv.csdcab.ca\\\/en\\\/#\\\/schema\\\/logo\\\/image\\\/\",\"url\":\"https:\\\/\\\/escdlv.csdcab.ca\\\/wp-content\\\/uploads\\\/sites\\\/5\\\/2021\\\/08\\\/favicon_verendrye.png\",\"contentUrl\":\"https:\\\/\\\/escdlv.csdcab.ca\\\/wp-content\\\/uploads\\\/sites\\\/5\\\/2021\\\/08\\\/favicon_verendrye.png\",\"width\":512,\"height\":512,\"caption\":\"\u00c9SC de La V\u00e9rendrye\"},\"image\":{\"@id\":\"https:\\\/\\\/escdlv.csdcab.ca\\\/en\\\/#\\\/schema\\\/logo\\\/image\\\/\"}}]}<\/script>\n<!-- \/ Yoast SEO plugin. -->","yoast_head_json":{"title":"Francophonie - \u00c9SC de La V\u00e9rendrye","robots":{"index":"index","follow":"follow","max-snippet":"max-snippet:-1","max-image-preview":"max-image-preview:large","max-video-preview":"max-video-preview:-1"},"canonical":"https:\/\/escdlv.csdcab.ca\/en\/education\/francophonie\/","og_locale":"en_US","og_type":"article","og_title":"Francophonie - \u00c9SC de La V\u00e9rendrye","og_description":"La francophonie est au c\u0153ur de notre Conseil. Notre but est d\u2019offrir \u00e0 nos \u00e9l\u00e8ves l\u2019occasion de vivre en fran\u00e7ais et de se baigner dans la culture francophone afin qu\u2019ils b\u00e2tissent des connaissances, liens, et amiti\u00e9s qui les am\u00e8nera \u00e0 devenir bilingues pour la vie. Nous sommes heureux de participer au d\u00e9veloppement spirituel de votre [&hellip;]","og_url":"https:\/\/escdlv.csdcab.ca\/en\/education\/francophonie\/","og_site_name":"\u00c9SC de La V\u00e9rendrye","article_modified_time":"2022-01-12T21:22:09+00:00","twitter_card":"summary_large_image","twitter_misc":{"Est. reading time":"1 minute"},"schema":{"@context":"https:\/\/schema.org","@graph":[{"@type":"WebPage","@id":"https:\/\/escdlv.csdcab.ca\/en\/education\/francophonie\/","url":"https:\/\/escdlv.csdcab.ca\/en\/education\/francophonie\/","name":"Francophonie - \u00c9SC de La V\u00e9rendrye","isPartOf":{"@id":"https:\/\/escdlv.csdcab.ca\/en\/#website"},"datePublished":"2021-10-12T14:19:19+00:00","dateModified":"2022-01-12T21:22:09+00:00","breadcrumb":{"@id":"https:\/\/escdlv.csdcab.ca\/en\/education\/francophonie\/#breadcrumb"},"inLanguage":"en-CA","potentialAction":[{"@type":"ReadAction","target":["https:\/\/escdlv.csdcab.ca\/en\/education\/francophonie\/"]}]},{"@type":"BreadcrumbList","@id":"https:\/\/escdlv.csdcab.ca\/en\/education\/francophonie\/#breadcrumb","itemListElement":[{"@type":"ListItem","position":1,"name":"Accueil","item":"https:\/\/escdlv.csdcab.ca\/"},{"@type":"ListItem","position":2,"name":"\u00c9ducation","item":"https:\/\/escdlv.csdcab.ca\/en\/education\/"},{"@type":"ListItem","position":3,"name":"Francophonie"}]},{"@type":"WebSite","@id":"https:\/\/escdlv.csdcab.ca\/en\/#website","url":"https:\/\/escdlv.csdcab.ca\/en\/","name":"\u00c9SC de La V\u00e9rendrye","description":"\u00c9SC de La V\u00e9rendrye","publisher":{"@id":"https:\/\/escdlv.csdcab.ca\/en\/#organization"},"potentialAction":[{"@type":"SearchAction","target":{"@type":"EntryPoint","urlTemplate":"https:\/\/escdlv.csdcab.ca\/en\/?s={search_term_string}"},"query-input":{"@type":"PropertyValueSpecification","valueRequired":true,"valueName":"search_term_string"}}],"inLanguage":"en-CA"},{"@type":"Organization","@id":"https:\/\/escdlv.csdcab.ca\/en\/#organization","name":"\u00c9SC de La V\u00e9rendrye","url":"https:\/\/escdlv.csdcab.ca\/en\/","logo":{"@type":"ImageObject","inLanguage":"en-CA","@id":"https:\/\/escdlv.csdcab.ca\/en\/#\/schema\/logo\/image\/","url":"https:\/\/escdlv.csdcab.ca\/wp-content\/uploads\/sites\/5\/2021\/08\/favicon_verendrye.png","contentUrl":"https:\/\/escdlv.csdcab.ca\/wp-content\/uploads\/sites\/5\/2021\/08\/favicon_verendrye.png","width":512,"height":512,"caption":"\u00c9SC de La V\u00e9rendrye"},"image":{"@id":"https:\/\/escdlv.csdcab.ca\/en\/#\/schema\/logo\/image\/"}}]}},"_links":{"self":[{"href":"https:\/\/escdlv.csdcab.ca\/en\/wp-json\/wp\/v2\/pages\/2026","targetHints":{"allow":["GET"]}}],"collection":[{"href":"https:\/\/escdlv.csdcab.ca\/en\/wp-json\/wp\/v2\/pages"}],"about":[{"href":"https:\/\/escdlv.csdcab.ca\/en\/wp-json\/wp\/v2\/types\/page"}],"author":[{"embeddable":true,"href":"https:\/\/escdlv.csdcab.ca\/en\/wp-json\/wp\/v2\/users\/1"}],"replies":[{"embeddable":true,"href":"https:\/\/escdlv.csdcab.ca\/en\/wp-json\/wp\/v2\/comments?post=2026"}],"version-history":[{"count":0,"href":"https:\/\/escdlv.csdcab.ca\/en\/wp-json\/wp\/v2\/pages\/2026\/revisions"}],"up":[{"embeddable":true,"href":"https:\/\/escdlv.csdcab.ca\/en\/wp-json\/wp\/v2\/pages\/293"}],"wp:attachment":[{"href":"https:\/\/escdlv.csdcab.ca\/en\/wp-json\/wp\/v2\/media?parent=2026"}],"curies":[{"name":"wp","href":"https:\/\/api.w.org\/{rel}","templated":true}]}}